{"id":25086,"date":"2026-04-29T06:59:27","date_gmt":"2026-04-29T04:59:27","guid":{"rendered":"https:\/\/trilhavirtual.shop\/?post_type=product&#038;p=25086"},"modified":"2026-04-29T07:07:59","modified_gmt":"2026-04-29T05:07:59","slug":"bolero-coolmarket-2d-origin-86-red-e-mini-frigorifico-retro-de-dos-puertas-rojo-de-893cm-de-alto-y-487-de-ancho-con-capacidad-de-86l-clase-energetica-e-led-interior-y-tirador-cromado","status":"publish","type":"product","link":"https:\/\/trilhavirtual.shop\/de\/produto\/bolero-coolmarket-2d-origin-86-red-e-mini-frigorifico-retro-de-dos-puertas-rojo-de-893cm-de-alto-y-487-de-ancho-con-capacidad-de-86l-clase-energetica-e-led-interior-y-tirador-cromado\/","title":{"rendered":"Bolero CoolMarket 2D Origin 86 Red E Mini frigor\u00edfico retro de dos puertas rojo de 89,3cm de alto y 48,7 de ancho con capacidad de 86L, clase energ\u00e9tica E, LED interior y tirador cromado."},"content":{"rendered":"<p><iframe title=\"Gama de Mini Frigor\u00edficos retro Bolero CoolMarket 2D Origin 86 E\" width=\"1020\" height=\"574\" src=\"https:\/\/www.youtube.com\/embed\/RoTrXic3Ma0?feature=oembed\" frameborder=\"0\" allow=\"accelerometer; autoplay; clipboard-write; encrypted-media; gyroscope; picture-in-picture; web-share\" referrerpolicy=\"strict-origin-when-cross-origin\" allowfullscreen><\/iframe><\/p>\n<ul>\n<li>Gran capacidad: los 86 litros de capacidad del frigor\u00edfico te permitir\u00e1n conservar gran cantidad de bebidas y alimentos bien fr\u00edos.<\/li>\n<li>Luz LED: observa c\u00f3modamente el interior de tu nevera cada vez que la abras.<\/li>\n<li>Bandejas cristal: mant\u00e9n tus alimentos perfectamente clasificados y ordenados en tu frigor\u00edfico.<\/li>\n<li>Acabado retro: dale un toque vintage a tu cocina<\/li>\n<li>Tirador cromado: dale un toque de dise\u00f1o retro a tu cocina con el resistente tirador cromado del frigor\u00edfico.<\/li>\n<li>Control de temperatura: adem\u00e1s de poder regular los grados, tu nevera no perder\u00e1 temperatura.<\/li>\n<li>Caj\u00f3n para vegetales: mant\u00e9n tus verduras en \u00f3ptimas condiciones de temperatura y humedad.<\/li>\n<li>Dispone de etiqueta energ\u00e9tica Clase E, lo que asegura un consumo adecuado d\u00eda a d\u00eda.<\/li>\n<li>Medidas mini frigor\u00edfico (ancho x fondo x alto): 48,7 x 59,2 x 89,3 cm<\/li>\n<\/ul>","protected":false},"excerpt":{"rendered":"<p><img decoding=\"async\" class=\"alignnone size-full wp-image-4560\" src=\"https:\/\/electromax-es.com\/wp-content\/uploads\/2025\/06\/Precio-especial-con-stock-limitado-solo-pagos-inmediatos-con-tarjeta.-2.png\" alt=\"\" width=\"369\" height=\"58\" \/><\/p>\n<div id='product-component-1757107058391'><\/div>\n<p><script type=\"text\/javascript\">\n\/*<![CDATA[*\/\n(function () {\n  var scriptURL = 'https:\/\/sdks.shopifycdn.com\/buy-button\/latest\/buy-button-storefront.min.js';\n  if (window.ShopifyBuy) {\n    if (window.ShopifyBuy.UI) {\n      ShopifyBuyInit();\n    } else {\n      loadScript();\n    }\n  } else {\n    loadScript();\n  }\n  function loadScript() {\n    var script = document.createElement('script');\n    script.async = true;\n    script.src = scriptURL;\n    (document.getElementsByTagName('head')[0] || document.getElementsByTagName('body')[0]).appendChild(script);\n    script.onload = ShopifyBuyInit;\n  }\n  function ShopifyBuyInit() {\n    var client = ShopifyBuy.buildClient({\n      domain: 'y1myw4-n0.myshopify.com',\n      storefrontAccessToken: '5b83aac4e54289b51059ca6d7de7d2d5',\n    });\n    ShopifyBuy.UI.onReady(client).then(function (ui) {\n      ui.createComponent('product', {\n        id: '9972051476763',\n        node: document.getElementById('product-component-1757107058391'),\n        moneyFormat: '%E2%82%AC%7B%7Bamount_with_comma_separator%7D%7D',\n        options: {\n  \"product\": {\n    \"styles\": {\n      \"product\": {\n        \"@media (min-width: 601px)\": {\n          \"max-width\": \"calc(25% - 20px)\",\n          \"margin-left\": \"20px\",\n          \"margin-bottom\": \"50px\"\n        }\n      },\n      \"button\": {\n        \"font-family\": \"Geneva, sans-serif\",\n        \"border-radius\": \"5px\",\n        \"padding-left\": \"37px\",\n        \"padding-right\": \"37px\"\n      }\n    },\n    \"contents\": {\n      \"img\": false,\n      \"title\": false,\n      \"price\": false\n    },\n    \"text\": {\n      \"button\": \"AGREGAR AL CARRITO\"\n    }\n  },\n  \"productSet\": {\n    \"styles\": {\n      \"products\": {\n        \"@media (min-width: 601px)\": {\n          \"margin-left\": \"-20px\"\n        }\n      }\n    }\n  },\n  \"modalProduct\": {\n    \"contents\": {\n      \"img\": false,\n      \"imgWithCarousel\": true,\n      \"button\": false,\n      \"buttonWithQuantity\": true\n    },\n    \"styles\": {\n      \"product\": {\n        \"@media (min-width: 601px)\": {\n          \"max-width\": \"100%\",\n          \"margin-left\": \"0px\",\n          \"margin-bottom\": \"0px\"\n        }\n      },\n      \"button\": {\n        \"font-family\": \"Geneva, sans-serif\",\n        \"border-radius\": \"5px\",\n        \"padding-left\": \"37px\",\n        \"padding-right\": \"37px\"\n      }\n    },\n    \"text\": {\n      \"button\": \"Add to cart\"\n    }\n  },\n  \"option\": {},\n  \"cart\": {\n    \"styles\": {\n      \"button\": {\n        \"font-family\": \"Geneva, sans-serif\",\n        \"border-radius\": \"5px\"\n      }\n    },\n    \"text\": {\n      \"title\": \"Carrito\",\n      \"total\": \"Subtotal\",\n      \"empty\": \"Su carrito est\u00e1 vac\u00edo.\",\n      \"notice\": \"Los c\u00f3digos de env\u00edo y descuento se agregan al momento del pago.\",\n      \"button\": \"Comprar Ahora\"\n    },\n    \"popup\": false\n  },\n  \"toggle\": {\n    \"styles\": {\n      \"toggle\": {\n        \"font-family\": \"Geneva, sans-serif\"\n      }\n    }\n  }\n},\n      });\n    });\n  }\n})();\n\/*]]>*\/\n<\/script><\/p>\n","protected":false},"featured_media":25029,"template":"","meta":[],"product_brand":[],"product_cat":[15,132,134],"product_tag":[],"class_list":{"0":"post-25086","1":"product","2":"type-product","3":"status-publish","4":"has-post-thumbnail","6":"product_cat-ofertas","7":"product_cat-cocina","8":"product_cat-electrodomesticos","10":"first","11":"instock","12":"sale","13":"shipping-taxable","14":"purchasable","15":"product-type-simple"},"_links":{"self":[{"href":"https:\/\/trilhavirtual.shop\/de\/wp-json\/wp\/v2\/product\/25086","targetHints":{"allow":["GET"]}}],"collection":[{"href":"https:\/\/trilhavirtual.shop\/de\/wp-json\/wp\/v2\/product"}],"about":[{"href":"https:\/\/trilhavirtual.shop\/de\/wp-json\/wp\/v2\/types\/product"}],"wp:featuredmedia":[{"embeddable":true,"href":"https:\/\/trilhavirtual.shop\/de\/wp-json\/wp\/v2\/media\/25029"}],"wp:attachment":[{"href":"https:\/\/trilhavirtual.shop\/de\/wp-json\/wp\/v2\/media?parent=25086"}],"wp:term":[{"taxonomy":"product_brand","embeddable":true,"href":"https:\/\/trilhavirtual.shop\/de\/wp-json\/wp\/v2\/product_brand?post=25086"},{"taxonomy":"product_cat","embeddable":true,"href":"https:\/\/trilhavirtual.shop\/de\/wp-json\/wp\/v2\/product_cat?post=25086"},{"taxonomy":"product_tag","embeddable":true,"href":"https:\/\/trilhavirtual.shop\/de\/wp-json\/wp\/v2\/product_tag?post=25086"}],"curies":[{"name":"wp","href":"https:\/\/api.w.org\/{rel}","templated":true}]}}